{"id":1668,"date":"2020-10-30T08:16:36","date_gmt":"2020-10-30T08:16:36","guid":{"rendered":"https:\/\/zborsolidarity.eu\/?page_id=1668"},"modified":"2021-05-13T18:35:47","modified_gmt":"2021-05-13T18:35:47","slug":"uvodna-stranka","status":"publish","type":"page","link":"https:\/\/zborsolidarity.eu\/en\/","title":{"rendered":"\u00davodn\u00e1 str\u00e1nka"},"content":{"rendered":"\t\t<div data-elementor-type=\"wp-page\" data-elementor-id=\"1668\" class=\"elementor elementor-1668\">\n\t\t\t\t\t\t<section class=\"elementor-section elementor-top-section elementor-element elementor-element-4944988 elementor-section-full_width elementor-section-height-min-height elementor-section-items-stretch elementor-section-height-default\" data-id=\"4944988\" data-element_type=\"section\" data-e-type=\"section\">\n\t\t\t\t\t\t<div class=\"elementor-container elementor-column-gap-default\">\n\t\t\t\t\t<div class=\"aux-parallax-section elementor-column elementor-col-100 elementor-top-column elementor-element elementor-element-816db1c\" data-id=\"816db1c\" data-element_type=\"column\" data-e-type=\"column\">\n\t\t\t<div class=\"elementor-widget-wrap elementor-element-populated\">\n\t\t\t\t\t\t<div class=\"elementor-element elementor-element-3a388fe elementor-widget-tablet__width-auto elementor-widget elementor-widget-aux_image\" data-id=\"3a388fe\" data-element_type=\"widget\" data-e-type=\"widget\" data-widget_type=\"aux_image.default\">\n\t\t\t\t<div class=\"elementor-widget-container\">\n\t\t\t\t\t<section class=\"widget-container aux-widget-image aux-alignnone aux-parent-au9b2827a5\">\n    <div class=\"aux-media-hint-frame \">\n        <div class=\"aux-media-image \" >\n        \n            \n\n            \n            <img decoding=\"async\" src=\"https:\/\/zborsolidarity.eu\/wp-content\/uploads\/2019\/12\/Group-33.svg\" class=\"attachment-full size-full\" alt=\"\" \/>            \n                <\/div>\n    <\/div>\n\n<\/section><!-- widget-container -->\t\t\t\t<\/div>\n\t\t\t\t<\/div>\n\t\t\t\t<div class=\"elementor-element elementor-element-11efa35 elementor-widget__width-auto elementor-hidden-phone elementor-widget elementor-widget-aux_image\" data-id=\"11efa35\" data-element_type=\"widget\" data-e-type=\"widget\" data-widget_type=\"aux_image.default\">\n\t\t\t\t<div class=\"elementor-widget-container\">\n\t\t\t\t\t<section class=\"widget-container aux-widget-image aux-alignnone aux-parent-au320bf490\">\n    <div class=\"aux-media-hint-frame \">\n        <div class=\"aux-media-image \" >\n        \n            \n\n            \n            <img decoding=\"async\" src=\"https:\/\/zborsolidarity.eu\/wp-content\/uploads\/2019\/12\/Path-979.svg\" class=\"attachment-full size-full\" alt=\"\" \/>            \n                <\/div>\n    <\/div>\n\n<\/section><!-- widget-container -->\t\t\t\t<\/div>\n\t\t\t\t<\/div>\n\t\t\t\t<div class=\"elementor-element elementor-element-4645d8d aux-appear-watch-animation aux-scale-down-1 elementor-widget elementor-widget-aux_image\" data-id=\"4645d8d\" data-element_type=\"widget\" data-e-type=\"widget\" data-widget_type=\"aux_image.default\">\n\t\t\t\t<div class=\"elementor-widget-container\">\n\t\t\t\t\t<section class=\"widget-container aux-widget-image aux-alignnone aux-parent-auc88c14de\">\n    <div class=\"aux-media-hint-frame \">\n        <div class=\"aux-media-image \" >\n        \n            \n\n            \n            <img fetchpriority=\"high\" decoding=\"async\" width=\"2440\" height=\"1627\" src=\"data:image\/gif;base64,R0lGODlhAQABAIAAAAAAAP\/\/\/yH5BAEAAAAALAAAAAABAAEAAAIBRAA7\" class=\"aux-attachment aux-featured-image aux-attachment-id-2637 aux-preload aux-blank\" alt=\"zbor-solidarity-uvod-03\" data-ratio=\"1.5\" data-original-w=\"2440\" data-src=\"https:\/\/zborsolidarity.eu\/wp-content\/uploads\/2021\/05\/zbor-solidarity-uvod-03.jpg\" \/>            \n                <\/div>\n    <\/div>\n\n<\/section><!-- widget-container -->\t\t\t\t<\/div>\n\t\t\t\t<\/div>\n\t\t\t\t<div class=\"elementor-element elementor-element-0b32d8b elementor-widget__width-auto elementor-widget elementor-widget-aux_image\" data-id=\"0b32d8b\" data-element_type=\"widget\" data-e-type=\"widget\" data-widget_type=\"aux_image.default\">\n\t\t\t\t<div class=\"elementor-widget-container\">\n\t\t\t\t\t<section class=\"widget-container aux-widget-image aux-alignnone aux-parent-auc483832e\">\n    <div class=\"aux-media-hint-frame \">\n        <div class=\"aux-media-image \" >\n        \n            \n\n            \n            <img decoding=\"async\" src=\"https:\/\/zborsolidarity.eu\/wp-content\/uploads\/2019\/12\/Path-980.svg\" class=\"attachment-full size-full\" alt=\"\" \/>            \n                <\/div>\n    <\/div>\n\n<\/section><!-- widget-container -->\t\t\t\t<\/div>\n\t\t\t\t<\/div>\n\t\t\t\t<section class=\"elementor-section elementor-inner-section elementor-element elementor-element-7906e26 elementor-section-boxed elementor-section-height-default elementor-section-height-default\" data-id=\"7906e26\" data-element_type=\"section\" data-e-type=\"section\">\n\t\t\t\t\t\t<div class=\"elementor-container elementor-column-gap-default\">\n\t\t\t\t\t<div class=\"aux-parallax-section elementor-column elementor-col-100 elementor-inner-column elementor-element elementor-element-2c1266b\" data-id=\"2c1266b\" data-element_type=\"column\" data-e-type=\"column\">\n\t\t\t<div class=\"elementor-widget-wrap elementor-element-populated\">\n\t\t\t\t\t\t<div class=\"elementor-element elementor-element-468b562 aux-appear-watch-animation aux-fade-in-up-2 elementor-widget elementor-widget-aux_modern_heading\" data-id=\"468b562\" data-element_type=\"widget\" data-e-type=\"widget\" data-widget_type=\"aux_modern_heading.default\">\n\t\t\t\t<div class=\"elementor-widget-container\">\n\t\t\t\t\t<section class=\"aux-widget-modern-heading\">\n            <div class=\"aux-widget-inner\"><h6 class=\"aux-modern-heading-primary\"><\/h6><h6 class=\"aux-modern-heading-secondary\"><span class=\"aux-head-highlight\">Eur\u00f3psky zbor solidarity<\/span><\/h6><div class=\"aux-modern-heading-description\"><p>Sta\u0148te sa \u0161etrn\u00fdm vo svojej komunite a v Eur\u00f3pe.<\/p><\/div><\/div>\n        <\/section>\t\t\t\t<\/div>\n\t\t\t\t<\/div>\n\t\t\t\t<div class=\"elementor-element elementor-element-ac2c438 aux-appear-watch-animation aux-fade-in-up-2 elementor-widget elementor-widget-aux_button\" data-id=\"ac2c438\" data-element_type=\"widget\" data-e-type=\"widget\" data-widget_type=\"aux_button.default\">\n\t\t\t\t<div class=\"elementor-widget-container\">\n\t\t\t\t\t<button   class=\"aux-button aux-medium aux-black aux-none aux-uppercase\" ><span class=\"aux-overlay\"><\/span><span class=\"aux-text\">Dozvedie\u0165 sa viac<\/span><\/button>\t\t\t\t<\/div>\n\t\t\t\t<\/div>\n\t\t\t\t\t<\/div>\n\t\t<\/div>\n\t\t\t\t\t<\/div>\n\t\t<\/section>\n\t\t\t\t<div class=\"elementor-element elementor-element-fa3b222 elementor-widget__width-auto elementor-hidden-phone elementor-widget elementor-widget-aux_image\" data-id=\"fa3b222\" data-element_type=\"widget\" data-e-type=\"widget\" data-widget_type=\"aux_image.default\">\n\t\t\t\t<div class=\"elementor-widget-container\">\n\t\t\t\t\t<section class=\"widget-container aux-widget-image aux-alignnone aux-parent-au1a409dee\">\n    <div class=\"aux-media-hint-frame \">\n        <div class=\"aux-media-image \" >\n        \n            \n\n            \n            <img decoding=\"async\" src=\"https:\/\/zborsolidarity.eu\/wp-content\/uploads\/2019\/12\/Ellipse-20.svg\" class=\"attachment-full size-full\" alt=\"\" \/>            \n                <\/div>\n    <\/div>\n\n<\/section><!-- widget-container -->\t\t\t\t<\/div>\n\t\t\t\t<\/div>\n\t\t\t\t<div class=\"elementor-element elementor-element-4bfe0c3 elementor-widget__width-auto elementor-widget elementor-widget-aux_image\" data-id=\"4bfe0c3\" data-element_type=\"widget\" data-e-type=\"widget\" data-widget_type=\"aux_image.default\">\n\t\t\t\t<div class=\"elementor-widget-container\">\n\t\t\t\t\t<section class=\"widget-container aux-widget-image aux-alignnone aux-parent-au5bdfac04\">\n    <div class=\"aux-media-hint-frame \">\n        <div class=\"aux-media-image \" >\n        \n            \n\n            \n            <img decoding=\"async\" src=\"https:\/\/zborsolidarity.eu\/wp-content\/uploads\/2019\/12\/Path-979.svg\" class=\"attachment-full size-full\" alt=\"\" \/>            \n                <\/div>\n    <\/div>\n\n<\/section><!-- widget-container -->\t\t\t\t<\/div>\n\t\t\t\t<\/div>\n\t\t\t\t\t<\/div>\n\t\t<\/div>\n\t\t\t\t\t<\/div>\n\t\t<\/section>\n\t\t\t\t<section class=\"elementor-section elementor-top-section elementor-element elementor-element-6e048e0 elementor-section-content-middle elementor-section-boxed elementor-section-height-default elementor-section-height-default\" data-id=\"6e048e0\" data-element_type=\"section\" data-e-type=\"section\">\n\t\t\t\t\t\t<div class=\"elementor-container elementor-column-gap-wide\">\n\t\t\t\t\t<div class=\"aux-parallax-section elementor-column elementor-col-33 elementor-top-column elementor-element elementor-element-9f3666b aux-appear-watch-animation aux-fade-in-right-1\" data-id=\"9f3666b\" data-element_type=\"column\" data-e-type=\"column\" data-settings=\"{&quot;background_background&quot;:&quot;classic&quot;}\">\n\t\t\t<div class=\"elementor-widget-wrap elementor-element-populated\">\n\t\t\t\t\t\t<div class=\"elementor-element elementor-element-26d67d0 aux-appear-watch-animation aux-fade-in-up-1 elementor-widget elementor-widget-aux_modern_heading\" data-id=\"26d67d0\" data-element_type=\"widget\" data-e-type=\"widget\" data-widget_type=\"aux_modern_heading.default\">\n\t\t\t\t<div class=\"elementor-widget-container\">\n\t\t\t\t\t<section class=\"aux-widget-modern-heading\">\n            <div class=\"aux-widget-inner\"><h6 class=\"aux-modern-heading-primary\"><\/h6><h6 class=\"aux-modern-heading-secondary\"><span class=\"aux-head-before\">Eur\u00f3psky zbor solidarity<\/span><\/h6><div class=\"aux-modern-heading-description\"><p>Vyberte si va\u0161e zameranie na konkr\u00e9tnu oblas\u0165.<\/p><\/div><\/div>\n        <\/section>\t\t\t\t<\/div>\n\t\t\t\t<\/div>\n\t\t\t\t\t<\/div>\n\t\t<\/div>\n\t\t\t\t<div class=\"aux-parallax-section elementor-column elementor-col-33 elementor-top-column elementor-element elementor-element-254ca8f aux-appear-watch-animation aux-fade-in-right-1\" data-id=\"254ca8f\" data-element_type=\"column\" data-e-type=\"column\" data-settings=\"{&quot;background_background&quot;:&quot;classic&quot;}\">\n\t\t\t<div class=\"elementor-widget-wrap elementor-element-populated\">\n\t\t\t\t\t\t<div class=\"elementor-element elementor-element-7b2f517 aux-appear-watch-animation aux-fade-in-up-1 elementor-widget elementor-widget-aux_text\" data-id=\"7b2f517\" data-element_type=\"widget\" data-e-type=\"widget\" data-widget_type=\"aux_text.default\">\n\t\t\t\t<div class=\"elementor-widget-container\">\n\t\t\t\t\t<section class=\"widget-container aux-widget-text aux-parent-au8a4e0c32\">        <div class=\"aux-widget-advanced-text aux-wrap-style-simple aux-ico-pos- aux-text-left aux-text-resp-center aux-text-color-dark aux-text-widget-bg-center  \" >\n        \n            \n            <div class=\"aux-text-inner aux-text-widget-content\">\n                                <h4 class=\"col-title\">Som mlad\u00fd \u010dlovek<\/h4>\n                                <div class=\"widget-content\">\n                                        <p>Prijmite do svojej in\u0161tit\u00facie mlad\u00fdch dospel\u00fdch alebo ich podporte pri vysielan\u00ed na projekty Eur\u00f3pskeho zboru solidarity.<\/p>                <\/div>\n                <button   class=\"aux-button aux-exlarge aux-east-bay aux-curve aux-none\" ><span class=\"aux-overlay\"><\/span><span class=\"aux-text\">Dozvedie\u0165 sa viac<\/span><\/button>            <\/div>\n        <\/div>\n                    <div class=\"aux-text-widget-footer\">\n                <div class=\"aux-border-shape-none \">\n                                <\/div>\n            <\/div>\n        \n<\/section><!-- widget-container -->\t\t\t\t<\/div>\n\t\t\t\t<\/div>\n\t\t\t\t\t<\/div>\n\t\t<\/div>\n\t\t\t\t<div class=\"aux-parallax-section elementor-column elementor-col-33 elementor-top-column elementor-element elementor-element-68e49f2 aux-appear-watch-animation aux-fade-in-right-1\" data-id=\"68e49f2\" data-element_type=\"column\" data-e-type=\"column\" data-settings=\"{&quot;background_background&quot;:&quot;classic&quot;}\">\n\t\t\t<div class=\"elementor-widget-wrap elementor-element-populated\">\n\t\t\t\t\t\t<div class=\"elementor-element elementor-element-233d538 aux-appear-watch-animation aux-fade-in-up-1 elementor-widget elementor-widget-aux_text\" data-id=\"233d538\" data-element_type=\"widget\" data-e-type=\"widget\" data-widget_type=\"aux_text.default\">\n\t\t\t\t<div class=\"elementor-widget-container\">\n\t\t\t\t\t<section class=\"widget-container aux-widget-text aux-parent-au93fd8367\">        <div class=\"aux-widget-advanced-text aux-wrap-style-simple aux-ico-pos- aux-text-left aux-text-resp-center aux-text-color-dark aux-text-widget-bg-center  \" >\n        \n            \n            <div class=\"aux-text-inner aux-text-widget-content\">\n                                <h4 class=\"col-title\">Pracujem s ml\u00e1de\u017eou<\/h4>\n                                <div class=\"widget-content\">\n                                        <p>M\u00f4\u017eete sa zapoji\u0165 do dobrovo\u013en\u00edckych slu\u017eieb, zalo\u017ei\u0165 vlastn\u00e9 projekty alebo vyu\u017ei\u0165 ponuky pracovn\u00fdch miest a st\u00e1\u017e\u00ed v Eur\u00f3pe.<\/p>                <\/div>\n                <button   class=\"aux-button aux-exlarge aux-east-bay aux-curve aux-none\" ><span class=\"aux-overlay\"><\/span><span class=\"aux-text\">Dozvedie\u0165 sa viac<\/span><\/button>            <\/div>\n        <\/div>\n                    <div class=\"aux-text-widget-footer\">\n                <div class=\"aux-border-shape-none \">\n                                <\/div>\n            <\/div>\n        \n<\/section><!-- widget-container -->\t\t\t\t<\/div>\n\t\t\t\t<\/div>\n\t\t\t\t\t<\/div>\n\t\t<\/div>\n\t\t\t\t\t<\/div>\n\t\t<\/section>\n\t\t\t\t<section class=\"elementor-section elementor-top-section elementor-element elementor-element-ee6d96c elementor-section-content-middle elementor-section-height-min-height elementor-section-boxed elementor-section-height-default elementor-section-items-middle\" data-id=\"ee6d96c\" data-element_type=\"section\" data-e-type=\"section\" data-settings=\"{&quot;background_background&quot;:&quot;classic&quot;}\">\n\t\t\t\t\t\t<div class=\"elementor-container elementor-column-gap-default\">\n\t\t\t\t\t<div class=\"aux-parallax-section elementor-column elementor-col-50 elementor-top-column elementor-element elementor-element-00d6985\" data-id=\"00d6985\" data-element_type=\"column\" data-e-type=\"column\">\n\t\t\t<div class=\"elementor-widget-wrap elementor-element-populated\">\n\t\t\t\t\t\t<div class=\"elementor-element elementor-element-8b64637 elementor-widget__width-auto elementor-widget elementor-widget-aux_image\" data-id=\"8b64637\" data-element_type=\"widget\" data-e-type=\"widget\" data-widget_type=\"aux_image.default\">\n\t\t\t\t<div class=\"elementor-widget-container\">\n\t\t\t\t\t<section class=\"widget-container aux-widget-image aux-alignnone aux-parent-au18c95b93\">\n    <div class=\"aux-media-hint-frame \">\n        <div class=\"aux-media-image \" >\n        \n            \n\n            \n            <img decoding=\"async\" src=\"https:\/\/zborsolidarity.eu\/wp-content\/uploads\/2019\/12\/Path-18.svg\" class=\"attachment-full size-full\" alt=\"\" \/>            \n                <\/div>\n    <\/div>\n\n<\/section><!-- widget-container -->\t\t\t\t<\/div>\n\t\t\t\t<\/div>\n\t\t\t\t<div class=\"elementor-element elementor-element-e7269d9 elementor-widget__width-auto elementor-widget elementor-widget-aux_image\" data-id=\"e7269d9\" data-element_type=\"widget\" data-e-type=\"widget\" data-widget_type=\"aux_image.default\">\n\t\t\t\t<div class=\"elementor-widget-container\">\n\t\t\t\t\t<section class=\"widget-container aux-widget-image aux-alignnone aux-parent-aua1cec87b\">\n    <div class=\"aux-media-hint-frame \">\n        <div class=\"aux-media-image \" >\n        \n            \n\n            \n            <img decoding=\"async\" src=\"https:\/\/zborsolidarity.eu\/wp-content\/uploads\/2019\/12\/Path-19.svg\" class=\"attachment-full size-full\" alt=\"\" \/>            \n                <\/div>\n    <\/div>\n\n<\/section><!-- widget-container -->\t\t\t\t<\/div>\n\t\t\t\t<\/div>\n\t\t\t\t<div class=\"elementor-element elementor-element-e53bc40 elementor-widget__width-auto elementor-widget elementor-widget-aux_image\" data-id=\"e53bc40\" data-element_type=\"widget\" data-e-type=\"widget\" data-widget_type=\"aux_image.default\">\n\t\t\t\t<div class=\"elementor-widget-container\">\n\t\t\t\t\t<section class=\"widget-container aux-widget-image aux-alignnone aux-parent-au0df244c2\">\n    <div class=\"aux-media-hint-frame \">\n        <div class=\"aux-media-image \" >\n        \n            \n\n            \n            <img decoding=\"async\" src=\"https:\/\/zborsolidarity.eu\/wp-content\/uploads\/2019\/12\/Path-948.svg\" class=\"attachment-full size-full\" alt=\"\" \/>            \n                <\/div>\n    <\/div>\n\n<\/section><!-- widget-container -->\t\t\t\t<\/div>\n\t\t\t\t<\/div>\n\t\t\t\t<div class=\"elementor-element elementor-element-0452d32 elementor-widget__width-auto elementor-hidden-tablet elementor-hidden-phone elementor-widget elementor-widget-aux_image\" data-id=\"0452d32\" data-element_type=\"widget\" data-e-type=\"widget\" data-widget_type=\"aux_image.default\">\n\t\t\t\t<div class=\"elementor-widget-container\">\n\t\t\t\t\t<section class=\"widget-container aux-widget-image aux-alignnone aux-parent-au0cf9d113\">\n    <div class=\"aux-media-hint-frame \">\n        <div class=\"aux-media-image \" >\n        \n            \n\n            \n            <img decoding=\"async\" src=\"https:\/\/zborsolidarity.eu\/wp-content\/uploads\/2019\/12\/Group-11.svg\" class=\"attachment-full size-full\" alt=\"\" \/>            \n                <\/div>\n    <\/div>\n\n<\/section><!-- widget-container -->\t\t\t\t<\/div>\n\t\t\t\t<\/div>\n\t\t\t\t<div class=\"elementor-element elementor-element-014d7cc aux-appear-watch-animation aux-scale-up-1 elementor-widget elementor-widget-aux_image\" data-id=\"014d7cc\" data-element_type=\"widget\" data-e-type=\"widget\" data-widget_type=\"aux_image.default\">\n\t\t\t\t<div class=\"elementor-widget-container\">\n\t\t\t\t\t<section class=\"widget-container aux-widget-image aux-alignnone aux-parent-au2c22aed2\">\n    <div class=\"aux-media-hint-frame \">\n        <div class=\"aux-media-image \" >\n        \n            \n\n            \n            <img decoding=\"async\" width=\"874\" height=\"874\" src=\"https:\/\/zborsolidarity.eu\/wp-content\/uploads\/2019\/11\/adult-1867618_1920.jpg\" class=\"aux-attachment aux-featured-image aux-attachment-id-1379\" alt=\"girl\" data-ratio=\"1\" data-original-w=\"874\" \/>            \n                <\/div>\n    <\/div>\n\n<\/section><!-- widget-container -->\t\t\t\t<\/div>\n\t\t\t\t<\/div>\n\t\t\t\t\t<\/div>\n\t\t<\/div>\n\t\t\t\t<div class=\"aux-parallax-section elementor-column elementor-col-50 elementor-top-column elementor-element elementor-element-3f77211\" data-id=\"3f77211\" data-element_type=\"column\" data-e-type=\"column\">\n\t\t\t<div class=\"elementor-widget-wrap elementor-element-populated\">\n\t\t\t\t\t\t<div class=\"elementor-element elementor-element-3c11641 aux-appear-watch-animation aux-fade-in-up-2 elementor-widget elementor-widget-aux_modern_heading\" data-id=\"3c11641\" data-element_type=\"widget\" data-e-type=\"widget\" data-widget_type=\"aux_modern_heading.default\">\n\t\t\t\t<div class=\"elementor-widget-container\">\n\t\t\t\t\t<section class=\"aux-widget-modern-heading\">\n            <div class=\"aux-widget-inner\"><h2 class=\"aux-modern-heading-primary\"><\/h2><h3 class=\"aux-modern-heading-secondary\"><span class=\"aux-head-highlight\">Smerom k soci\u00e1lnej Eur\u00f3pe.<\/span><\/h3><div class=\"aux-modern-heading-description\"><p>Solidarita je jednou zo z\u00e1kladn\u00fdch hodn\u00f4t Eur\u00f3pskej \u00fanie. Eur\u00f3psky zbor solidarity je skvelou pr\u00edle\u017eitos\u0165ou pre mlad\u00fdch \u013eud\u00ed, aby sa dobrovo\u013ene prihl\u00e1sili do soci\u00e1lnej a rozmanitej Eur\u00f3py. To ide napr. v dobrovo\u013en\u00edckych slu\u017eb\u00e1ch, ale aj na pracovn\u00fdch miestach a st\u00e1\u017each alebo z vlastn\u00fdch iniciat\u00edv. Ich solidarita vytv\u00e1ra soci\u00e1lnu s\u00fadr\u017enos\u0165 v celej Eur\u00f3pe.<\/p><\/div><\/div>\n        <\/section>\t\t\t\t<\/div>\n\t\t\t\t<\/div>\n\t\t\t\t<div class=\"elementor-element elementor-element-dd6f8b5 aux-appear-watch-animation aux-fade-in-up-1 elementor-widget elementor-widget-aux_button\" data-id=\"dd6f8b5\" data-element_type=\"widget\" data-e-type=\"widget\" data-widget_type=\"aux_button.default\">\n\t\t\t\t<div class=\"elementor-widget-container\">\n\t\t\t\t\t<button   class=\"aux-button aux-medium aux-carmine-pink aux-curve aux-none aux-uppercase\" ><span class=\"aux-overlay\"><\/span><span class=\"aux-text\">Pre\u010d\u00edta\u0165 viac<\/span><\/button>\t\t\t\t<\/div>\n\t\t\t\t<\/div>\n\t\t\t\t\t<\/div>\n\t\t<\/div>\n\t\t\t\t\t<\/div>\n\t\t<\/section>\n\t\t\t\t<section class=\"elementor-section elementor-top-section elementor-element elementor-element-0cbee1e elementor-section-boxed elementor-section-height-default elementor-section-height-default\" data-id=\"0cbee1e\" data-element_type=\"section\" data-e-type=\"section\">\n\t\t\t\t\t\t<div class=\"elementor-container elementor-column-gap-default\">\n\t\t\t\t\t<div class=\"aux-parallax-section elementor-column elementor-col-100 elementor-top-column elementor-element elementor-element-1617491\" data-id=\"1617491\" data-element_type=\"column\" data-e-type=\"column\">\n\t\t\t<div class=\"elementor-widget-wrap elementor-element-populated\">\n\t\t\t\t\t\t<div class=\"elementor-element elementor-element-a2341fb aux-appear-watch-animation aux-fade-in-right-2 elementor-widget elementor-widget-aux_recent_posts\" data-id=\"a2341fb\" data-element_type=\"widget\" data-e-type=\"widget\" data-settings=\"{&quot;columns&quot;:&quot;3&quot;,&quot;columns_tablet&quot;:&quot;inherit&quot;,&quot;columns_mobile&quot;:&quot;1&quot;}\" data-widget_type=\"aux_recent_posts.default\">\n\t\t\t\t<div class=\"elementor-widget-container\">\n\t\t\t\t\t<section class=\"widget-container aux-widget-recent-posts aux-parent-au32a1faf3\"><div data-element-id=\"au32a1faf3\" class=\"aux-match-height aux-row aux-de-col3 aux-tb-col3 aux-mb-col1 aux-total-3 aux-ajax-view  \"><div class=\"aux-col post-4470\">\n                        <article class=\"post column-entry post-4470 type-post status-publish format-standard has-post-thumbnail hentry category-aktuality\">\n                                                        <div class=\"entry-media\"><div class=\"aux-media-frame aux-media-image aux-image-mask\"><a href=\"https:\/\/zborsolidarity.eu\/en\/call-for-the-trainers-tosca-training-and-support-for-organisations-active-in-the-volunteering-actions-in-the-european-solidarity-corps\/\"><img decoding=\"async\" width=\"205\" height=\"155\" src=\"data:image\/gif;base64,R0lGODlhAQABAIAAAAAAAP\/\/\/yH5BAEAAAAALAAAAAABAAEAAAIBRAA7\" class=\"aux-attachment aux-featured-image attachment-205x155 aux-attachment-id-4471  aux-preload aux-blank\" alt=\"Screenshot 2026-03-04 at 09-46-18 SALTO-YOUTH - TOSCA - Training and support for organisations active in the European Solidarity Corps\" data-ratio=\"1.33\" data-original-w=\"205\" sizes=\"auto\" data-srcset=\"https:\/\/zborsolidarity.eu\/wp-content\/uploads\/2026\/03\/Screenshot-2026-03-04-at-09-46-18-SALTO-YOUTH-TOSCA-Training-and-support-for-organisations-active-in-the-European-Solidarity-Corps-150x113.png 150w,https:\/\/zborsolidarity.eu\/wp-content\/uploads\/2026\/03\/Screenshot-2026-03-04-at-09-46-18-SALTO-YOUTH-TOSCA-Training-and-support-for-organisations-active-in-the-European-Solidarity-Corps-637x478.png 205w,https:\/\/zborsolidarity.eu\/wp-content\/uploads\/2026\/03\/Screenshot-2026-03-04-at-09-46-18-SALTO-YOUTH-TOSCA-Training-and-support-for-organisations-active-in-the-European-Solidarity-Corps-195x146.png 195w\" data-src=\"https:\/\/zborsolidarity.eu\/wp-content\/uploads\/2026\/03\/Screenshot-2026-03-04-at-09-46-18-SALTO-YOUTH-TOSCA-Training-and-support-for-organisations-active-in-the-European-Solidarity-Corps-637x478.png\" \/><\/a><\/div><\/div>\n                            \n                            <div class=\"entry-main\">\n                                                                                        \n                                <div class=\"entry-info\">\n                                                                    <div class=\"entry-date\">\n                                        <a href=\"https:\/\/zborsolidarity.eu\/en\/call-for-the-trainers-tosca-training-and-support-for-organisations-active-in-the-volunteering-actions-in-the-european-solidarity-corps\/\">\n                                            <time datetime=\"2026-03-04T16:11:37+01:00\" title=\"2026-03-04T16:11:37+01:00\" >4. March 2026<\/time>\n                                        <\/a>\n                                    <\/div>\n                                                                                                                                                                                                        <\/div>\n                            \n                                <header class=\"entry-header\">\n                                \n                                    <h4 class=\"entry-title\">\n                                        <a href=\"https:\/\/zborsolidarity.eu\/en\/call-for-the-trainers-tosca-training-and-support-for-organisations-active-in-the-volunteering-actions-in-the-european-solidarity-corps\/\">\n                                            Call for the trainers: TOSCA \u2013 training and support for organisations active in the volunteering actions in the European Solidarity Corps                                        <\/a>\n                                    <\/h4>\n                                                                    <div class=\"entry-format\">\n                                        <a href=\"https:\/\/zborsolidarity.eu\/en\/call-for-the-trainers-tosca-training-and-support-for-organisations-active-in-the-volunteering-actions-in-the-european-solidarity-corps\/\">\n                                            <div class=\"post-format format-\"> <\/div>\n                                        <\/a>\n                                    <\/div>\n                                <\/header>\n                            \n                                                            <div class=\"entry-content\">\n                                                                            <p>\nNIVAM - National Institute of Education and Youth, National Agency Erasmus+ for youth and sports is looking for two trainers who will prepare, implement and evaluate the training called \u201eTOSCA \u2013 training and support for organisations active in the volunteering actions in the European Solidarity Cor...<\/p><div class=\"clear\"><\/div>                                <\/div>\n                                                                                        <footer class=\"entry-meta aux-after-content\">\n                                                                        <div class=\"readmore\">\n                                        <a href=\"https:\/\/zborsolidarity.eu\/en\/call-for-the-trainers-tosca-training-and-support-for-organisations-active-in-the-volunteering-actions-in-the-european-solidarity-corps\/\" class=\"aux-read-more\"><span class=\"aux-read-more-text\">\u010c\u00edta\u0165 viac<\/span><\/a>\n                                    <\/div>\n                                                                    <\/footer>\n                            \n                            <\/div>\n\n                        <\/article>\n<\/div><div class=\"aux-col post-4465\">\n                        <article class=\"post column-entry post-4465 type-post status-publish format-standard has-post-thumbnail hentry category-aktuality category-udialo-sa\">\n                                                        <div class=\"entry-media\"><div class=\"aux-media-frame aux-media-image aux-image-mask\"><a href=\"https:\/\/zborsolidarity.eu\/en\/vyzva-na-skolenie-mid-term-v\/\"><img loading=\"lazy\" decoding=\"async\" width=\"284\" height=\"177\" src=\"data:image\/gif;base64,R0lGODlhAQABAIAAAAAAAP\/\/\/yH5BAEAAAAALAAAAAABAAEAAAIBRAA7\" class=\"aux-attachment aux-featured-image attachment-284x177 aux-attachment-id-3275  aux-preload aux-blank\" alt=\"stiahnu\u0165\" data-ratio=\"1.33\" data-original-w=\"284\" sizes=\"auto\" data-srcset=\"https:\/\/zborsolidarity.eu\/wp-content\/uploads\/2022\/08\/stiahnut-150x113.jpg 150w,https:\/\/zborsolidarity.eu\/wp-content\/uploads\/2022\/08\/stiahnut-637x478.jpg 284w,https:\/\/zborsolidarity.eu\/wp-content\/uploads\/2022\/08\/stiahnut-274x205.jpg 274w\" data-src=\"https:\/\/zborsolidarity.eu\/wp-content\/uploads\/2022\/08\/stiahnut-637x478.jpg\" \/><\/a><\/div><\/div>\n                            \n                            <div class=\"entry-main\">\n                                                                                        \n                                <div class=\"entry-info\">\n                                                                    <div class=\"entry-date\">\n                                        <a href=\"https:\/\/zborsolidarity.eu\/en\/vyzva-na-skolenie-mid-term-v\/\">\n                                            <time datetime=\"2026-03-04T11:17:53+01:00\" title=\"2026-03-04T11:17:53+01:00\" >4. March 2026<\/time>\n                                        <\/a>\n                                    <\/div>\n                                                                                                                                                                                                        <\/div>\n                            \n                                <header class=\"entry-header\">\n                                \n                                    <h4 class=\"entry-title\">\n                                        <a href=\"https:\/\/zborsolidarity.eu\/en\/vyzva-na-skolenie-mid-term-v\/\">\n                                            V\u00fdzva na \u0161kolenie: Mid-term V.                                        <\/a>\n                                    <\/h4>\n                                                                    <div class=\"entry-format\">\n                                        <a href=\"https:\/\/zborsolidarity.eu\/en\/vyzva-na-skolenie-mid-term-v\/\">\n                                            <div class=\"post-format format-\"> <\/div>\n                                        <\/a>\n                                    <\/div>\n                                <\/header>\n                            \n                                                            <div class=\"entry-content\">\n                                                                            <p>\nNIVAM \u2013 N\u00e1rodn\u00fd in\u0161tit\u00fat pre vzdel\u00e1vanie a kult\u00faru, N\u00e1rodn\u00e1 Agent\u00fara Erasmus+ pre ml\u00e1de\u017e a&nbsp;\u0161port h\u013ead\u00e1 \u0161kolite\u013ea na pr\u00edpravu realiz\u00e1ciu a&nbsp;vyhodnotenie \u0161kolenia Mid-term III. ktor\u00e9 je venovan\u00e9 pre dobrovo\u013en\u00edkov Eur\u00f3pskeho zboru solidarity.\n\n\n\nCiele:\n\n\n\nPrim\u00e1rne ciele:\n\n\n\n\nZabezpe\u010di\u0165 sie\u0165ov...<\/p><div class=\"clear\"><\/div>                                <\/div>\n                                                                                        <footer class=\"entry-meta aux-after-content\">\n                                                                        <div class=\"readmore\">\n                                        <a href=\"https:\/\/zborsolidarity.eu\/en\/vyzva-na-skolenie-mid-term-v\/\" class=\"aux-read-more\"><span class=\"aux-read-more-text\">\u010c\u00edta\u0165 viac<\/span><\/a>\n                                    <\/div>\n                                                                    <\/footer>\n                            \n                            <\/div>\n\n                        <\/article>\n<\/div><div class=\"aux-col post-4382\">\n                        <article class=\"post column-entry post-4382 type-post status-publish format-standard has-post-thumbnail hentry category-aktuality\">\n                                                        <div class=\"entry-media\"><div class=\"aux-media-frame aux-media-image aux-image-mask\"><a href=\"https:\/\/zborsolidarity.eu\/en\/europsky-zbor-solidarity-bola-spustena-nova-vyzva-europska-komisia-dnes-zverejnila-vyzvu-na-predkladanie-navrhov-v-ramci-europskeho-zboru-solidarity-na-rok-2026\/\"><img loading=\"lazy\" decoding=\"async\" width=\"497\" height=\"441\" src=\"data:image\/gif;base64,R0lGODlhAQABAIAAAAAAAP\/\/\/yH5BAEAAAAALAAAAAABAAEAAAIBRAA7\" class=\"aux-attachment aux-featured-image attachment-497x441 aux-attachment-id-4383  aux-preload aux-blank\" alt=\"Call EZS 2026\" data-ratio=\"1.33\" data-original-w=\"497\" sizes=\"auto\" data-srcset=\"https:\/\/zborsolidarity.eu\/wp-content\/uploads\/2025\/11\/Call-EZS-2026-150x113.png 150w,https:\/\/zborsolidarity.eu\/wp-content\/uploads\/2025\/11\/Call-EZS-2026-300x225.png 300w,https:\/\/zborsolidarity.eu\/wp-content\/uploads\/2025\/11\/Call-EZS-2026-637x478.png 497w,https:\/\/zborsolidarity.eu\/wp-content\/uploads\/2025\/11\/Call-EZS-2026-487x365.png 487w\" data-src=\"https:\/\/zborsolidarity.eu\/wp-content\/uploads\/2025\/11\/Call-EZS-2026-637x478.png\" \/><\/a><\/div><\/div>\n                            \n                            <div class=\"entry-main\">\n                                                                                        \n                                <div class=\"entry-info\">\n                                                                    <div class=\"entry-date\">\n                                        <a href=\"https:\/\/zborsolidarity.eu\/en\/europsky-zbor-solidarity-bola-spustena-nova-vyzva-europska-komisia-dnes-zverejnila-vyzvu-na-predkladanie-navrhov-v-ramci-europskeho-zboru-solidarity-na-rok-2026\/\">\n                                            <time datetime=\"2025-11-18T09:27:36+01:00\" title=\"2025-11-18T09:27:36+01:00\" >18. November 2025<\/time>\n                                        <\/a>\n                                    <\/div>\n                                                                                                                                                                                                        <\/div>\n                            \n                                <header class=\"entry-header\">\n                                \n                                    <h4 class=\"entry-title\">\n                                        <a href=\"https:\/\/zborsolidarity.eu\/en\/europsky-zbor-solidarity-bola-spustena-nova-vyzva-europska-komisia-dnes-zverejnila-vyzvu-na-predkladanie-navrhov-v-ramci-europskeho-zboru-solidarity-na-rok-2026\/\">\n                                            Eur\u00f3psky zbor solidarity: bola spusten\u00e1 nov\u00e1 v\u00fdzva! Eur\u00f3pska komisia dnes zverejnila v\u00fdzvu na predkladanie n\u00e1vrhov v r\u00e1mci Eur\u00f3pskeho zboru solidarity na rok 2026                                        <\/a>\n                                    <\/h4>\n                                                                    <div class=\"entry-format\">\n                                        <a href=\"https:\/\/zborsolidarity.eu\/en\/europsky-zbor-solidarity-bola-spustena-nova-vyzva-europska-komisia-dnes-zverejnila-vyzvu-na-predkladanie-navrhov-v-ramci-europskeho-zboru-solidarity-na-rok-2026\/\">\n                                            <div class=\"post-format format-\"> <\/div>\n                                        <\/a>\n                                    <\/div>\n                                <\/header>\n                            \n                                                            <div class=\"entry-content\">\n                                                                            <p>\nEur\u00f3pska komisia dnes spustila v\u00fdzvu Eur\u00f3pskeho zboru solidarity 2026, pri ktorej si pripom\u00edname dvojit\u00e9 v\u00fdro\u010die: 30 rokov dobrovo\u013en\u00edctva E\u00da, ktor\u00e9 sa za\u010dalo v roku 1996 pilotn\u00fdm projektom Eur\u00f3pskej dobrovo\u013en\u00edckej slu\u017eby, a 10 rokov Eur\u00f3pskeho zboru solidarity. So zv\u00fd\u0161en\u00fdm rozpo\u010dtom vo v\u00fd\u0161ke 175,3 ...<\/p><div class=\"clear\"><\/div>                                <\/div>\n                                                                                        <footer class=\"entry-meta aux-after-content\">\n                                                                        <div class=\"readmore\">\n                                        <a href=\"https:\/\/zborsolidarity.eu\/en\/europsky-zbor-solidarity-bola-spustena-nova-vyzva-europska-komisia-dnes-zverejnila-vyzvu-na-predkladanie-navrhov-v-ramci-europskeho-zboru-solidarity-na-rok-2026\/\" class=\"aux-read-more\"><span class=\"aux-read-more-text\">\u010c\u00edta\u0165 viac<\/span><\/a>\n                                    <\/div>\n                                                                    <\/footer>\n                            \n                            <\/div>\n\n                        <\/article>\n<\/div><\/div><\/section><!-- widget-container -->\t\t\t\t<\/div>\n\t\t\t\t<\/div>\n\t\t\t\t\t<\/div>\n\t\t<\/div>\n\t\t\t\t\t<\/div>\n\t\t<\/section>\n\t\t\t\t<\/div>\n\t\t","protected":false},"excerpt":{"rendered":"<p>Eur\u00f3psky zbor solidarity Sta\u0148te sa \u0161etrn\u00fdm vo svojej komunite a v Eur\u00f3pe. Dozvedie\u0165 sa viac Eur\u00f3psky zbor solidarity Vyberte si va\u0161e zameranie na konkr\u00e9tnu oblas\u0165. Som mlad\u00fd \u010dlovek Prijmite do&#8230;<\/p>\n","protected":false},"author":3,"featured_media":1379,"parent":0,"menu_order":0,"comment_status":"closed","ping_status":"closed","template":"templates\/page-builder-content.php","meta":{"footnotes":""},"class_list":["post-1668","page","type-page","status-publish","has-post-thumbnail","hentry"],"translation":{"provider":"WPGlobus","version":"3.0.2","language":"en","enabled_languages":["sk","en"],"languages":{"sk":{"title":true,"content":true,"excerpt":false},"en":{"title":false,"content":false,"excerpt":false}}},"yoast_head":"<!-- This site is optimized with the Yoast SEO plugin v26.9 - https:\/\/yoast.com\/product\/yoast-seo-wordpress\/ -->\n<title>European Solidarity Corps - smerom k soci\u00e1lnej Eur\u00f3pe<\/title>\n<meta name=\"robots\" content=\"index, follow, max-snippet:-1, max-image-preview:large, max-video-preview:-1\" \/>\n<link rel=\"canonical\" href=\"https:\/\/zborsolidarity.eu\/\" \/>\n<meta property=\"og:locale\" content=\"en_US\" \/>\n<meta property=\"og:type\" content=\"article\" \/>\n<meta property=\"og:title\" content=\"European Solidarity Corps - smerom k soci\u00e1lnej Eur\u00f3pe\" \/>\n<meta property=\"og:url\" content=\"https:\/\/zborsolidarity.eu\/\" \/>\n<meta property=\"og:site_name\" content=\"European Solidarity Corps\" \/>\n<meta property=\"article:modified_time\" content=\"2021-05-13T18:35:47+00:00\" \/>\n<meta property=\"og:image\" content=\"https:\/\/zborsolidarity.eu\/wp-content\/uploads\/2019\/11\/adult-1867618_1920.jpg\" \/>\n\t<meta property=\"og:image:width\" content=\"874\" \/>\n\t<meta property=\"og:image:height\" content=\"874\" \/>\n\t<meta property=\"og:image:type\" content=\"image\/jpeg\" \/>\n<meta name=\"twitter:card\" content=\"summary_large_image\" \/>\n<meta name=\"twitter:label1\" content=\"Est. reading time\" \/>\n\t<meta name=\"twitter:data1\" content=\"4 minutes\" \/>\n<script type=\"application\/ld+json\" class=\"yoast-schema-graph\">{\"@context\":\"https:\/\/schema.org\",\"@graph\":[{\"@type\":\"WebPage\",\"@id\":\"https:\/\/zborsolidarity.eu\/\",\"url\":\"https:\/\/zborsolidarity.eu\/\",\"name\":\"European Solidarity Corps - smerom k soci\u00e1lnej Eur\u00f3pe\",\"isPartOf\":{\"@id\":\"https:\/\/zborsolidarity.eu\/#website\"},\"primaryImageOfPage\":{\"@id\":\"https:\/\/zborsolidarity.eu\/#primaryimage\"},\"image\":{\"@id\":\"https:\/\/zborsolidarity.eu\/#primaryimage\"},\"thumbnailUrl\":\"https:\/\/zborsolidarity.eu\/wp-content\/uploads\/2019\/11\/adult-1867618_1920.jpg\",\"datePublished\":\"2020-10-30T08:16:36+00:00\",\"dateModified\":\"2021-05-13T18:35:47+00:00\",\"description\":\"Eur\u00f3psky zbor solidarity je skvelou pr\u00edle\u017eitos\u0165ou pre mlad\u00fdch \u013eud\u00ed, aby sa dobrovo\u013ene prihl\u00e1sili do soci\u00e1lnej a rozmanitej Eur\u00f3py. To ide napr. v dobrovo\u013en\u00edckych slu\u017eb\u00e1ch, ale aj na pracovn\u00fdch miestach a st\u00e1\u017each alebo z vlastn\u00fdch iniciat\u00edv.\",\"breadcrumb\":{\"@id\":\"https:\/\/zborsolidarity.eu\/#breadcrumb\"},\"inLanguage\":\"en-US\",\"potentialAction\":[{\"@type\":\"ReadAction\",\"target\":[\"https:\/\/zborsolidarity.eu\/\"]}]},{\"@type\":\"ImageObject\",\"inLanguage\":\"en-US\",\"@id\":\"https:\/\/zborsolidarity.eu\/#primaryimage\",\"url\":\"https:\/\/zborsolidarity.eu\/wp-content\/uploads\/2019\/11\/adult-1867618_1920.jpg\",\"contentUrl\":\"https:\/\/zborsolidarity.eu\/wp-content\/uploads\/2019\/11\/adult-1867618_1920.jpg\",\"width\":874,\"height\":874,\"caption\":\"girl\"},{\"@type\":\"BreadcrumbList\",\"@id\":\"https:\/\/zborsolidarity.eu\/#breadcrumb\",\"itemListElement\":[{\"@type\":\"ListItem\",\"position\":1,\"name\":\"Domovsk\u00e1 str\u00e1nka\",\"item\":\"https:\/\/zborsolidarity.eu\/\"},{\"@type\":\"ListItem\",\"position\":2,\"name\":\"\u00davodn\u00e1 str\u00e1nka\"}]},{\"@type\":\"WebSite\",\"@id\":\"https:\/\/zborsolidarity.eu\/#website\",\"url\":\"https:\/\/zborsolidarity.eu\/\",\"name\":\"European Solidarity Corps\",\"description\":\"\",\"publisher\":{\"@id\":\"https:\/\/zborsolidarity.eu\/#organization\"},\"potentialAction\":[{\"@type\":\"SearchAction\",\"target\":{\"@type\":\"EntryPoint\",\"urlTemplate\":\"https:\/\/zborsolidarity.eu\/?s={search_term_string}\"},\"query-input\":{\"@type\":\"PropertyValueSpecification\",\"valueRequired\":true,\"valueName\":\"search_term_string\"}}],\"inLanguage\":\"en-US\"},{\"@type\":\"Organization\",\"@id\":\"https:\/\/zborsolidarity.eu\/#organization\",\"name\":\"European Solidarity Corps\",\"url\":\"https:\/\/zborsolidarity.eu\/\",\"logo\":{\"@type\":\"ImageObject\",\"inLanguage\":\"en-US\",\"@id\":\"https:\/\/zborsolidarity.eu\/#\/schema\/logo\/image\/\",\"url\":\"https:\/\/zborsolidarity.eu\/wp-content\/uploads\/2020\/10\/zbor_solidarity_logo.png\",\"contentUrl\":\"https:\/\/zborsolidarity.eu\/wp-content\/uploads\/2020\/10\/zbor_solidarity_logo.png\",\"width\":600,\"height\":165,\"caption\":\"European Solidarity Corps\"},\"image\":{\"@id\":\"https:\/\/zborsolidarity.eu\/#\/schema\/logo\/image\/\"}}]}<\/script>\n<!-- \/ Yoast SEO plugin. -->","yoast_head_json":{"title":"European Solidarity Corps - smerom k soci\u00e1lnej Eur\u00f3pe","robots":{"index":"index","follow":"follow","max-snippet":"max-snippet:-1","max-image-preview":"max-image-preview:large","max-video-preview":"max-video-preview:-1"},"canonical":"https:\/\/zborsolidarity.eu\/","og_locale":"en_US","og_type":"article","og_title":"European Solidarity Corps - smerom k soci\u00e1lnej Eur\u00f3pe","og_url":"https:\/\/zborsolidarity.eu\/","og_site_name":"European Solidarity Corps","article_modified_time":"2021-05-13T18:35:47+00:00","og_image":[{"width":874,"height":874,"url":"https:\/\/zborsolidarity.eu\/wp-content\/uploads\/2019\/11\/adult-1867618_1920.jpg","type":"image\/jpeg"}],"twitter_card":"summary_large_image","twitter_misc":{"Est. reading time":"4 minutes"},"schema":{"@context":"https:\/\/schema.org","@graph":[{"@type":"WebPage","@id":"https:\/\/zborsolidarity.eu\/","url":"https:\/\/zborsolidarity.eu\/","name":"European Solidarity Corps - smerom k soci\u00e1lnej Eur\u00f3pe","isPartOf":{"@id":"https:\/\/zborsolidarity.eu\/#website"},"primaryImageOfPage":{"@id":"https:\/\/zborsolidarity.eu\/#primaryimage"},"image":{"@id":"https:\/\/zborsolidarity.eu\/#primaryimage"},"thumbnailUrl":"https:\/\/zborsolidarity.eu\/wp-content\/uploads\/2019\/11\/adult-1867618_1920.jpg","datePublished":"2020-10-30T08:16:36+00:00","dateModified":"2021-05-13T18:35:47+00:00","description":"Eur\u00f3psky zbor solidarity je skvelou pr\u00edle\u017eitos\u0165ou pre mlad\u00fdch \u013eud\u00ed, aby sa dobrovo\u013ene prihl\u00e1sili do soci\u00e1lnej a rozmanitej Eur\u00f3py. To ide napr. v dobrovo\u013en\u00edckych slu\u017eb\u00e1ch, ale aj na pracovn\u00fdch miestach a st\u00e1\u017each alebo z vlastn\u00fdch iniciat\u00edv.","breadcrumb":{"@id":"https:\/\/zborsolidarity.eu\/#breadcrumb"},"inLanguage":"en-US","potentialAction":[{"@type":"ReadAction","target":["https:\/\/zborsolidarity.eu\/"]}]},{"@type":"ImageObject","inLanguage":"en-US","@id":"https:\/\/zborsolidarity.eu\/#primaryimage","url":"https:\/\/zborsolidarity.eu\/wp-content\/uploads\/2019\/11\/adult-1867618_1920.jpg","contentUrl":"https:\/\/zborsolidarity.eu\/wp-content\/uploads\/2019\/11\/adult-1867618_1920.jpg","width":874,"height":874,"caption":"girl"},{"@type":"BreadcrumbList","@id":"https:\/\/zborsolidarity.eu\/#breadcrumb","itemListElement":[{"@type":"ListItem","position":1,"name":"Domovsk\u00e1 str\u00e1nka","item":"https:\/\/zborsolidarity.eu\/"},{"@type":"ListItem","position":2,"name":"\u00davodn\u00e1 str\u00e1nka"}]},{"@type":"WebSite","@id":"https:\/\/zborsolidarity.eu\/#website","url":"https:\/\/zborsolidarity.eu\/","name":"European Solidarity Corps","description":"","publisher":{"@id":"https:\/\/zborsolidarity.eu\/#organization"},"potentialAction":[{"@type":"SearchAction","target":{"@type":"EntryPoint","urlTemplate":"https:\/\/zborsolidarity.eu\/?s={search_term_string}"},"query-input":{"@type":"PropertyValueSpecification","valueRequired":true,"valueName":"search_term_string"}}],"inLanguage":"en-US"},{"@type":"Organization","@id":"https:\/\/zborsolidarity.eu\/#organization","name":"European Solidarity Corps","url":"https:\/\/zborsolidarity.eu\/","logo":{"@type":"ImageObject","inLanguage":"en-US","@id":"https:\/\/zborsolidarity.eu\/#\/schema\/logo\/image\/","url":"https:\/\/zborsolidarity.eu\/wp-content\/uploads\/2020\/10\/zbor_solidarity_logo.png","contentUrl":"https:\/\/zborsolidarity.eu\/wp-content\/uploads\/2020\/10\/zbor_solidarity_logo.png","width":600,"height":165,"caption":"European Solidarity Corps"},"image":{"@id":"https:\/\/zborsolidarity.eu\/#\/schema\/logo\/image\/"}}]}},"_links":{"self":[{"href":"https:\/\/zborsolidarity.eu\/en\/wp-json\/wp\/v2\/pages\/1668","targetHints":{"allow":["GET"]}}],"collection":[{"href":"https:\/\/zborsolidarity.eu\/en\/wp-json\/wp\/v2\/pages"}],"about":[{"href":"https:\/\/zborsolidarity.eu\/en\/wp-json\/wp\/v2\/types\/page"}],"author":[{"embeddable":true,"href":"https:\/\/zborsolidarity.eu\/en\/wp-json\/wp\/v2\/users\/3"}],"replies":[{"embeddable":true,"href":"https:\/\/zborsolidarity.eu\/en\/wp-json\/wp\/v2\/comments?post=1668"}],"version-history":[{"count":6,"href":"https:\/\/zborsolidarity.eu\/en\/wp-json\/wp\/v2\/pages\/1668\/revisions"}],"predecessor-version":[{"id":2640,"href":"https:\/\/zborsolidarity.eu\/en\/wp-json\/wp\/v2\/pages\/1668\/revisions\/2640"}],"wp:featuredmedia":[{"embeddable":true,"href":"https:\/\/zborsolidarity.eu\/en\/wp-json\/wp\/v2\/media\/1379"}],"wp:attachment":[{"href":"https:\/\/zborsolidarity.eu\/en\/wp-json\/wp\/v2\/media?parent=1668"}],"curies":[{"name":"wp","href":"https:\/\/api.w.org\/{rel}","templated":true}]}}