{"id":30,"date":"2019-02-08T11:19:52","date_gmt":"2019-02-08T11:19:52","guid":{"rendered":"http:\/\/zborsolidarity.eu\/?page_id=30"},"modified":"2021-05-13T18:53:56","modified_gmt":"2021-05-13T18:53:56","slug":"preco-sa-zapojit","status":"publish","type":"page","link":"https:\/\/zborsolidarity.eu\/en\/zona-ucastnik\/preco-sa-zapojit\/","title":{"rendered":"Pre\u010do sa zapoji\u0165"},"content":{"rendered":"<h2 style=\"color: #154194;\">Dobrovo\u013en\u00edcka pr\u00e1ca v r\u00e1mci Eur\u00f3pskeho zboru solidarity je pr\u00edle\u017eitos\u0165ou&#8230;<\/h2>\n<h3 style=\"color: #a81573;\">\n1. Pon\u00faknu\u0165 pomoc tam, kde je potrebn\u00e1<\/h3>\n<p>Dobrovo\u013en\u00edcka pr\u00e1ca je sp\u00f4sob, ako prispie\u0165 svojou pr\u00e1cou, mo\u017enos\u0165 uk\u00e1za\u0165 solidaritu a pom\u00f4c\u0165 komunit\u00e1m, ktor\u00e9 to potrebuj\u00fa. Je to pr\u00e1ca, ktor\u00fa sa rozhodne\u0161 robi\u0165 zadarmo, teda nedostane\u0161 za \u0148u plat. Av\u0161ak tvoje cestovn\u00e9 n\u00e1klady, ubytovanie, strava a poistenie bud\u00fa hraden\u00e9 a dostane\u0161 dokonca aj vreckov\u00e9!<\/p>\n<h3 style=\"color: #a81573;\">2. Vzdel\u00e1va\u0165 sa a rozv\u00edja\u0165<\/h3>\n<p>Toto je \u00fa\u017easn\u00e1 pr\u00edle\u017eitos\u0165 na vzdel\u00e1vanie, ktor\u00e1 na\u0161tartuje tvoj osobn\u00fd a profesion\u00e1lny rozvoj. Bude\u0161 ma\u0165 \u0161kolenia pred, po\u010das aj po skon\u010den\u00ed tvojho dobrovo\u013en\u00edckeho dobrodru\u017estva. Mentori ti pom\u00f4\u017eu stanovi\u0165 si jasn\u00e9 ciele a uk\u00e1\u017eu ti, ako ich dosiahnu\u0165. Bude\u0161 ma\u0165 tie\u017e pr\u00edle\u017eitos\u0165 zlep\u0161i\u0165 si r\u00f4zne zru\u010dnosti o ktor\u00fdch si ani netu\u0161il, \u017ee m\u00e1\u0161 a m\u00f4\u017ee\u0161 rozv\u00edja\u0165, nau\u010d\u00ed\u0161 sa \u017ei\u0165 samostatne, prekon\u00e1va\u0165 prek\u00e1\u017eky, pracova\u0165 v t\u00edme a pod.<\/p>\n<h3 style=\"color: #a81573;\">3. Cestova\u0165 a objavova\u0165<\/h3>\n<p>\u017divot v inej krajine a jej objavovanie, spozn\u00e1vanie inej kult\u00fary alebo n\u00e1jdenie si nov\u00fdch priate\u013eov bude nevyhnutne s\u00fa\u010das\u0165ou tvojho dobrovo\u013en\u00edckeho dobrodru\u017estva.<\/p>\n<h3 style=\"color: #a81573;\">4. Zanecha\u0165 stopu<\/h3>\n<p>Tvoja dobrovo\u013en\u00edcka pr\u00e1ca je ove\u013ea viac ne\u017e len mo\u017enos\u0165ou, ako prejavi\u0165 solidaritu \u2013 prinesie nov\u00e9 n\u00e1pady a multikult\u00farneho ducha do organiz\u00e1cie, pre ktor\u00fa bude\u0161 dobrovo\u013en\u00edcku pr\u00e1cu vykon\u00e1va\u0165, a pre miestnu komunitu v ktorej sa bude\u0161 pohybova\u0165. Neveril by si, ak\u00fd dosah m\u00f4\u017ee ma\u0165 tvoja pr\u00e1ca!<\/p>\n<h3 style=\"color: #a81573;\">5. Spoji\u0165 a anga\u017eova\u0165 sa<\/h3>\n<p>Zapojen\u00edm sa do eur\u00f3pskeho zboru solidarity sa stane\u0161 s\u00fa\u010das\u0165ou komunity. Ke\u010f sa vr\u00e1ti\u0161, bude\u0161 m\u00f4c\u0165 osta\u0165 v spojen\u00ed so \u0161ir\u0161ou komunitou b\u00fdval\u00fdch dobrovo\u013en\u00edkov, podeli\u0165 sa o svoje sk\u00fasenosti a anga\u017eova\u0165 a in\u0161pirova\u0165 in\u00fdch mlad\u00fdch \u013eud\u00ed \u017eij\u00facich v tvojej krajine. N\u00e1rodn\u00e1 agent\u00fara pre teba m\u00f4\u017ee ma\u0165 \u010fal\u0161ie ponuky aj po skon\u010den\u00ed tvojej dobrovo\u013en\u00edckej slu\u017eby.<\/p>\n<p><span style=\"color: #a81573;\">#EUSolidarityCorps<\/span><br \/>\n<a href=\"https:\/\/europa.eu\/youth\/solidarity\" target=\"_blank\" rel=\"noopener\"><span style=\"color: #a81573;\">europa.eu\/solidarity-corps<\/span><\/a><\/p>\n<h4><\/h4>\n","protected":false},"excerpt":{"rendered":"<p>Dobrovo\u013en\u00edcka pr\u00e1ca v r\u00e1mci Eur\u00f3pskeho zboru solidarity je pr\u00edle\u017eitos\u0165ou&#8230; 1. Pon\u00faknu\u0165 pomoc tam, kde je potrebn\u00e1 Dobrovo\u013en\u00edcka pr\u00e1ca je sp\u00f4sob, ako prispie\u0165 svojou pr\u00e1cou, mo\u017enos\u0165 uk\u00e1za\u0165 solidaritu a pom\u00f4c\u0165 komunit\u00e1m,&#8230;<\/p>\n","protected":false},"author":1,"featured_media":400,"parent":70,"menu_order":1,"comment_status":"closed","ping_status":"closed","template":"","meta":{"footnotes":""},"class_list":["post-30","page","type-page","status-publish","has-post-thumbnail","hentry"],"translation":{"provider":"WPGlobus","version":"3.0.2","language":"en","enabled_languages":["sk","en"],"languages":{"sk":{"title":true,"content":true,"excerpt":false},"en":{"title":false,"content":false,"excerpt":false}}},"yoast_head":"<!-- This site is optimized with the Yoast SEO plugin v26.9 - https:\/\/yoast.com\/product\/yoast-seo-wordpress\/ -->\n<title>Pre\u010do sa zapoji\u0165 - European Solidarity Corps<\/title>\n<meta name=\"robots\" content=\"index, follow, max-snippet:-1, max-image-preview:large, max-video-preview:-1\" \/>\n<link rel=\"canonical\" href=\"https:\/\/zborsolidarity.eu\/zona-ucastnik\/preco-sa-zapojit\/\" \/>\n<meta property=\"og:locale\" content=\"en_US\" \/>\n<meta property=\"og:type\" content=\"article\" \/>\n<meta property=\"og:title\" content=\"Pre\u010do sa zapoji\u0165 - European Solidarity Corps\" \/>\n<meta property=\"og:url\" content=\"https:\/\/zborsolidarity.eu\/zona-ucastnik\/preco-sa-zapojit\/\" \/>\n<meta property=\"og:site_name\" content=\"European Solidarity Corps\" \/>\n<meta property=\"article:modified_time\" content=\"2021-05-13T18:53:56+00:00\" \/>\n<meta property=\"og:image\" content=\"https:\/\/zborsolidarity.eu\/wp-content\/uploads\/2019\/07\/Video-1.png\" \/>\n\t<meta property=\"og:image:width\" content=\"783\" \/>\n\t<meta property=\"og:image:height\" content=\"462\" \/>\n\t<meta property=\"og:image:type\" content=\"image\/png\" \/>\n<meta name=\"twitter:card\" content=\"summary_large_image\" \/>\n<meta name=\"twitter:label1\" content=\"Est. reading time\" \/>\n\t<meta name=\"twitter:data1\" content=\"2 minutes\" \/>\n<script type=\"application\/ld+json\" class=\"yoast-schema-graph\">{\"@context\":\"https:\/\/schema.org\",\"@graph\":[{\"@type\":\"WebPage\",\"@id\":\"https:\/\/zborsolidarity.eu\/zona-ucastnik\/preco-sa-zapojit\/\",\"url\":\"https:\/\/zborsolidarity.eu\/zona-ucastnik\/preco-sa-zapojit\/\",\"name\":\"Pre\u010do sa zapoji\u0165 - European Solidarity Corps\",\"isPartOf\":{\"@id\":\"https:\/\/zborsolidarity.eu\/#website\"},\"primaryImageOfPage\":{\"@id\":\"https:\/\/zborsolidarity.eu\/zona-ucastnik\/preco-sa-zapojit\/#primaryimage\"},\"image\":{\"@id\":\"https:\/\/zborsolidarity.eu\/zona-ucastnik\/preco-sa-zapojit\/#primaryimage\"},\"thumbnailUrl\":\"https:\/\/zborsolidarity.eu\/wp-content\/uploads\/2019\/07\/Video-1.png\",\"datePublished\":\"2019-02-08T11:19:52+00:00\",\"dateModified\":\"2021-05-13T18:53:56+00:00\",\"breadcrumb\":{\"@id\":\"https:\/\/zborsolidarity.eu\/zona-ucastnik\/preco-sa-zapojit\/#breadcrumb\"},\"inLanguage\":\"en-US\",\"potentialAction\":[{\"@type\":\"ReadAction\",\"target\":[\"https:\/\/zborsolidarity.eu\/zona-ucastnik\/preco-sa-zapojit\/\"]}]},{\"@type\":\"ImageObject\",\"inLanguage\":\"en-US\",\"@id\":\"https:\/\/zborsolidarity.eu\/zona-ucastnik\/preco-sa-zapojit\/#primaryimage\",\"url\":\"https:\/\/zborsolidarity.eu\/wp-content\/uploads\/2019\/07\/Video-1.png\",\"contentUrl\":\"https:\/\/zborsolidarity.eu\/wp-content\/uploads\/2019\/07\/Video-1.png\",\"width\":783,\"height\":462},{\"@type\":\"BreadcrumbList\",\"@id\":\"https:\/\/zborsolidarity.eu\/zona-ucastnik\/preco-sa-zapojit\/#breadcrumb\",\"itemListElement\":[{\"@type\":\"ListItem\",\"position\":1,\"name\":\"Domovsk\u00e1 str\u00e1nka\",\"item\":\"https:\/\/zborsolidarity.eu\/\"},{\"@type\":\"ListItem\",\"position\":2,\"name\":\"Z\u00f3na \u00fa\u010dastn\u00edk\",\"item\":\"https:\/\/zborsolidarity.eu\/zona-ucastnik\/\"},{\"@type\":\"ListItem\",\"position\":3,\"name\":\"Pre\u010do sa zapoji\u0165\"}]},{\"@type\":\"WebSite\",\"@id\":\"https:\/\/zborsolidarity.eu\/#website\",\"url\":\"https:\/\/zborsolidarity.eu\/\",\"name\":\"European Solidarity Corps\",\"description\":\"\",\"publisher\":{\"@id\":\"https:\/\/zborsolidarity.eu\/#organization\"},\"potentialAction\":[{\"@type\":\"SearchAction\",\"target\":{\"@type\":\"EntryPoint\",\"urlTemplate\":\"https:\/\/zborsolidarity.eu\/?s={search_term_string}\"},\"query-input\":{\"@type\":\"PropertyValueSpecification\",\"valueRequired\":true,\"valueName\":\"search_term_string\"}}],\"inLanguage\":\"en-US\"},{\"@type\":\"Organization\",\"@id\":\"https:\/\/zborsolidarity.eu\/#organization\",\"name\":\"European Solidarity Corps\",\"url\":\"https:\/\/zborsolidarity.eu\/\",\"logo\":{\"@type\":\"ImageObject\",\"inLanguage\":\"en-US\",\"@id\":\"https:\/\/zborsolidarity.eu\/#\/schema\/logo\/image\/\",\"url\":\"https:\/\/zborsolidarity.eu\/wp-content\/uploads\/2020\/10\/zbor_solidarity_logo.png\",\"contentUrl\":\"https:\/\/zborsolidarity.eu\/wp-content\/uploads\/2020\/10\/zbor_solidarity_logo.png\",\"width\":600,\"height\":165,\"caption\":\"European Solidarity Corps\"},\"image\":{\"@id\":\"https:\/\/zborsolidarity.eu\/#\/schema\/logo\/image\/\"}}]}<\/script>\n<!-- \/ Yoast SEO plugin. -->","yoast_head_json":{"title":"Pre\u010do sa zapoji\u0165 - European Solidarity Corps","robots":{"index":"index","follow":"follow","max-snippet":"max-snippet:-1","max-image-preview":"max-image-preview:large","max-video-preview":"max-video-preview:-1"},"canonical":"https:\/\/zborsolidarity.eu\/zona-ucastnik\/preco-sa-zapojit\/","og_locale":"en_US","og_type":"article","og_title":"Pre\u010do sa zapoji\u0165 - European Solidarity Corps","og_url":"https:\/\/zborsolidarity.eu\/zona-ucastnik\/preco-sa-zapojit\/","og_site_name":"European Solidarity Corps","article_modified_time":"2021-05-13T18:53:56+00:00","og_image":[{"width":783,"height":462,"url":"https:\/\/zborsolidarity.eu\/wp-content\/uploads\/2019\/07\/Video-1.png","type":"image\/png"}],"twitter_card":"summary_large_image","twitter_misc":{"Est. reading time":"2 minutes"},"schema":{"@context":"https:\/\/schema.org","@graph":[{"@type":"WebPage","@id":"https:\/\/zborsolidarity.eu\/zona-ucastnik\/preco-sa-zapojit\/","url":"https:\/\/zborsolidarity.eu\/zona-ucastnik\/preco-sa-zapojit\/","name":"Pre\u010do sa zapoji\u0165 - European Solidarity Corps","isPartOf":{"@id":"https:\/\/zborsolidarity.eu\/#website"},"primaryImageOfPage":{"@id":"https:\/\/zborsolidarity.eu\/zona-ucastnik\/preco-sa-zapojit\/#primaryimage"},"image":{"@id":"https:\/\/zborsolidarity.eu\/zona-ucastnik\/preco-sa-zapojit\/#primaryimage"},"thumbnailUrl":"https:\/\/zborsolidarity.eu\/wp-content\/uploads\/2019\/07\/Video-1.png","datePublished":"2019-02-08T11:19:52+00:00","dateModified":"2021-05-13T18:53:56+00:00","breadcrumb":{"@id":"https:\/\/zborsolidarity.eu\/zona-ucastnik\/preco-sa-zapojit\/#breadcrumb"},"inLanguage":"en-US","potentialAction":[{"@type":"ReadAction","target":["https:\/\/zborsolidarity.eu\/zona-ucastnik\/preco-sa-zapojit\/"]}]},{"@type":"ImageObject","inLanguage":"en-US","@id":"https:\/\/zborsolidarity.eu\/zona-ucastnik\/preco-sa-zapojit\/#primaryimage","url":"https:\/\/zborsolidarity.eu\/wp-content\/uploads\/2019\/07\/Video-1.png","contentUrl":"https:\/\/zborsolidarity.eu\/wp-content\/uploads\/2019\/07\/Video-1.png","width":783,"height":462},{"@type":"BreadcrumbList","@id":"https:\/\/zborsolidarity.eu\/zona-ucastnik\/preco-sa-zapojit\/#breadcrumb","itemListElement":[{"@type":"ListItem","position":1,"name":"Domovsk\u00e1 str\u00e1nka","item":"https:\/\/zborsolidarity.eu\/"},{"@type":"ListItem","position":2,"name":"Z\u00f3na \u00fa\u010dastn\u00edk","item":"https:\/\/zborsolidarity.eu\/zona-ucastnik\/"},{"@type":"ListItem","position":3,"name":"Pre\u010do sa zapoji\u0165"}]},{"@type":"WebSite","@id":"https:\/\/zborsolidarity.eu\/#website","url":"https:\/\/zborsolidarity.eu\/","name":"European Solidarity Corps","description":"","publisher":{"@id":"https:\/\/zborsolidarity.eu\/#organization"},"potentialAction":[{"@type":"SearchAction","target":{"@type":"EntryPoint","urlTemplate":"https:\/\/zborsolidarity.eu\/?s={search_term_string}"},"query-input":{"@type":"PropertyValueSpecification","valueRequired":true,"valueName":"search_term_string"}}],"inLanguage":"en-US"},{"@type":"Organization","@id":"https:\/\/zborsolidarity.eu\/#organization","name":"European Solidarity Corps","url":"https:\/\/zborsolidarity.eu\/","logo":{"@type":"ImageObject","inLanguage":"en-US","@id":"https:\/\/zborsolidarity.eu\/#\/schema\/logo\/image\/","url":"https:\/\/zborsolidarity.eu\/wp-content\/uploads\/2020\/10\/zbor_solidarity_logo.png","contentUrl":"https:\/\/zborsolidarity.eu\/wp-content\/uploads\/2020\/10\/zbor_solidarity_logo.png","width":600,"height":165,"caption":"European Solidarity Corps"},"image":{"@id":"https:\/\/zborsolidarity.eu\/#\/schema\/logo\/image\/"}}]}},"_links":{"self":[{"href":"https:\/\/zborsolidarity.eu\/en\/wp-json\/wp\/v2\/pages\/30","targetHints":{"allow":["GET"]}}],"collection":[{"href":"https:\/\/zborsolidarity.eu\/en\/wp-json\/wp\/v2\/pages"}],"about":[{"href":"https:\/\/zborsolidarity.eu\/en\/wp-json\/wp\/v2\/types\/page"}],"author":[{"embeddable":true,"href":"https:\/\/zborsolidarity.eu\/en\/wp-json\/wp\/v2\/users\/1"}],"replies":[{"embeddable":true,"href":"https:\/\/zborsolidarity.eu\/en\/wp-json\/wp\/v2\/comments?post=30"}],"version-history":[{"count":3,"href":"https:\/\/zborsolidarity.eu\/en\/wp-json\/wp\/v2\/pages\/30\/revisions"}],"predecessor-version":[{"id":2631,"href":"https:\/\/zborsolidarity.eu\/en\/wp-json\/wp\/v2\/pages\/30\/revisions\/2631"}],"up":[{"embeddable":true,"href":"https:\/\/zborsolidarity.eu\/en\/wp-json\/wp\/v2\/pages\/70"}],"wp:featuredmedia":[{"embeddable":true,"href":"https:\/\/zborsolidarity.eu\/en\/wp-json\/wp\/v2\/media\/400"}],"wp:attachment":[{"href":"https:\/\/zborsolidarity.eu\/en\/wp-json\/wp\/v2\/media?parent=30"}],"curies":[{"name":"wp","href":"https:\/\/api.w.org\/{rel}","templated":true}]}}